{"id":224272,"date":"2024-02-20T20:41:05","date_gmt":"2024-02-21T02:41:05","guid":{"rendered":"https:\/\/maso1445.com\/maso-1445-affitto-chalet-valle-di-primiero-primiero-san-martino-castrozza\/"},"modified":"2026-02-05T15:16:47","modified_gmt":"2026-02-05T21:16:47","slug":"maso-1445-affitto-chalet-valle-di-primiero-primiero-san-martino-castrozza","status":"publish","type":"page","link":"https:\/\/maso1445.com\/it\/","title":{"rendered":"Maso 1445 &#8211; Affitto chalet Valle di Primiero &#8211; Primiero San Martino Castrozza"},"content":{"rendered":"<p>[et_pb_section fb_built=&#8221;1&#8243; fullwidth=&#8221;on&#8221; _builder_version=&#8221;4.27.4&#8243; _module_preset=&#8221;default&#8221; locked=&#8221;off&#8221; global_colors_info=&#8221;{}&#8221;][et_pb_fullwidth_header header_fullscreen=&#8221;on&#8221; _builder_version=&#8221;4.27.5&#8243; _module_preset=&#8221;default&#8221; background_color=&#8221;#000000&#8243; background_image=&#8221;https:\/\/player.vimeo.com\/progressive_redirect\/playback\/1080201569\/rendition\/1080p\/file.mp4?loc=external&#038;log_user=0&#038;signature=8e1d7495cdb60aa17b4997670f3d141bd4534161af66dc8909e7b7645169984a&#8221; background_video_mp4=&#8221;https:\/\/maso1445.com\/wp-content\/uploads\/2026\/01\/masso1445-trimmed-ns_v1-1080p.mp4&#8243; hover_enabled=&#8221;0&#8243; global_colors_info=&#8221;{}&#8221; title_text=&#8221;masso1445-trimmed-ns_v1 (1080p)&#8221; sticky_enabled=&#8221;0&#8243;][\/et_pb_fullwidth_header][\/et_pb_section][et_pb_section fb_built=&#8221;1&#8243; _builder_version=&#8221;4.27.4&#8243; background_color=&#8221;#FFFFFF&#8221; custom_padding=&#8221;0|0px|0px|0px&#8221; global_colors_info=&#8221;{}&#8221;][et_pb_row column_structure=&#8221;1_2,1_2&#8243; use_custom_gutter=&#8221;on&#8221; gutter_width=&#8221;1&#8243; make_equal=&#8221;on&#8221; module_class=&#8221; et_pb_row_fullwidth&#8221; _builder_version=&#8221;4.16&#8243; width=&#8221;100%&#8221; width_tablet=&#8221;100%&#8221; width_phone=&#8221;&#8221; width_last_edited=&#8221;on|desktop&#8221; max_width=&#8221;100%&#8221; max_width_tablet=&#8221;100%&#8221; max_width_phone=&#8221;&#8221; max_width_last_edited=&#8221;on|desktop&#8221; custom_padding=&#8221;0|0px|0px|0px&#8221; make_fullwidth=&#8221;on&#8221; global_colors_info=&#8221;{}&#8221;][et_pb_column type=&#8221;1_2&#8243; _builder_version=&#8221;4.16&#8243; custom_padding=&#8221;|||&#8221; custom_css_main_element=&#8221;padding: 50px;&#8221; global_colors_info=&#8221;{}&#8221; custom_padding__hover=&#8221;|||&#8221;][et_pb_text _builder_version=&#8221;4.27.4&#8243; _module_preset=&#8221;default&#8221; header_font=&#8221;|700|||||||&#8221; header_text_align=&#8221;center&#8221; header_text_color=&#8221;#000000&#8243; header_2_font=&#8221;|700|||||||&#8221; header_2_text_align=&#8221;center&#8221; header_2_text_color=&#8221;#000000&#8243; header_2_font_size=&#8221;24px&#8221; header_3_text_align=&#8221;center&#8221; custom_padding=&#8221;||5px||false|false&#8221; header_font_size_tablet=&#8221;&#8221; header_font_size_phone=&#8221;28px&#8221; header_font_size_last_edited=&#8221;on|phone&#8221; header_2_font_size_tablet=&#8221;24px&#8221; header_2_font_size_phone=&#8221;21px&#8221; header_2_font_size_last_edited=&#8221;on|desktop&#8221; header_3_font_size_tablet=&#8221;21px&#8221; header_3_font_size_phone=&#8221;14px&#8221; header_3_font_size_last_edited=&#8221;on|phone&#8221; locked=&#8221;off&#8221; global_colors_info=&#8221;{}&#8221;]<\/p>\n<h1>Maso 1445<\/h1>\n<h2>Affitto di uno chalet per le vacanze<\/h2>\n<h3>Primiero San Martino Castrozza, TN<\/h3>\n<p>[\/et_pb_text][et_pb_text _builder_version=&#8221;4.27.4&#8243; _module_preset=&#8221;default&#8221; text_text_color=&#8221;#000000&#8243; text_font_size=&#8221;14px&#8221; text_line_height=&#8221;1.6em&#8221; global_colors_info=&#8221;{}&#8221;]<\/p>\n<p>Immerso nel paesaggio mozzafiato dell&#8217;Italia settentrionale, Maso 1445 \u00e8 una testimonianza di storia e lusso, che offre un rifugio indimenticabile per chi \u00e8 alla ricerca del perfetto chalet in affitto per le vacanze. Con radici che risalgono al 1445, questo affascinante chalet in affitto fonde perfettamente il fascino del suo passato storico con i comfort moderni, rendendolo una fuga ideale per famiglie, coppie o avventurieri. <\/p>\n<p>Quando entri nel Maso 1445, sei accolto da uno spazioso piano terra che emana calore e carattere. L&#8217;ampio soggiorno ti invita a rilassarti dopo una giornata trascorsa a esplorare la splendida Valle di Primiero, dove ti attendono magnifici panorami appena fuori dalla porta. Immagina serate accoglienti trascorse con i tuoi cari, condividendo storie e risate, ammirando i 580 anni di legno della casa, risalenti all&#8217;epoca di Giovanna d&#8217;Arco e all&#8217;invenzione della stampa.  <\/p>\n<p>[\/et_pb_text][\/et_pb_column][et_pb_column type=&#8221;1_2&#8243; _builder_version=&#8221;4.16&#8243; custom_padding=&#8221;|||&#8221; global_colors_info=&#8221;{}&#8221; custom_padding__hover=&#8221;|||&#8221;][et_pb_image src=&#8221;https:\/\/maso1445.com\/wp-content\/uploads\/2025\/03\/474811f7.jpg&#8221; alt=&#8221;Maso 1445 &#8211; Affitto Chalet per le vacanze&#8221; title_text=&#8221;Maso 1445 &#8211; Affitto Chalet per le vacanze&#8221; align_tablet=&#8221;center&#8221; align_phone=&#8221;&#8221; align_last_edited=&#8221;on|desktop&#8221; admin_label=&#8221;Image&#8221; _builder_version=&#8221;4.27.4&#8243; global_colors_info=&#8221;{}&#8221;][\/et_pb_image][\/et_pb_column][\/et_pb_row][\/et_pb_section][et_pb_section fb_built=&#8221;1&#8243; _builder_version=&#8221;4.27.4&#8243; background_color=&#8221;#FFFFFF&#8221; custom_padding=&#8221;0|0px|0px|0px&#8221; global_colors_info=&#8221;{}&#8221;][et_pb_row column_structure=&#8221;1_2,1_2&#8243; use_custom_gutter=&#8221;on&#8221; gutter_width=&#8221;1&#8243; make_equal=&#8221;on&#8221; module_class=&#8221; et_pb_row_fullwidth&#8221; _builder_version=&#8221;4.16&#8243; width=&#8221;100%&#8221; width_tablet=&#8221;100%&#8221; width_phone=&#8221;&#8221; width_last_edited=&#8221;on|desktop&#8221; max_width=&#8221;100%&#8221; max_width_tablet=&#8221;100%&#8221; max_width_phone=&#8221;&#8221; max_width_last_edited=&#8221;on|desktop&#8221; custom_padding=&#8221;0|0px|0px|0px&#8221; make_fullwidth=&#8221;on&#8221; global_colors_info=&#8221;{}&#8221;][et_pb_column type=&#8221;1_2&#8243; _builder_version=&#8221;4.16&#8243; custom_padding=&#8221;|||&#8221; global_colors_info=&#8221;{}&#8221; custom_padding__hover=&#8221;|||&#8221;][et_pb_image src=&#8221;https:\/\/maso1445.com\/wp-content\/uploads\/2025\/03\/c560f455.jpg&#8221; alt=&#8221;Maso 1445 &#8211; Affitto Chalet per le vacanze&#8221; title_text=&#8221;Maso 1445 &#8211; Affitto Chalet per le vacanze&#8221; align_tablet=&#8221;center&#8221; align_phone=&#8221;&#8221; align_last_edited=&#8221;on|desktop&#8221; admin_label=&#8221;Image&#8221; _builder_version=&#8221;4.27.4&#8243; global_colors_info=&#8221;{}&#8221;][\/et_pb_image][\/et_pb_column][et_pb_column type=&#8221;1_2&#8243; _builder_version=&#8221;4.16&#8243; custom_padding=&#8221;|||&#8221; custom_css_main_element=&#8221;padding: 50px;&#8221; global_colors_info=&#8221;{}&#8221; custom_padding__hover=&#8221;|||&#8221;][et_pb_text _builder_version=&#8221;4.27.4&#8243; _module_preset=&#8221;default&#8221; text_text_color=&#8221;#000000&#8243; text_font_size=&#8221;14px&#8221; text_line_height=&#8221;1.6em&#8221; global_colors_info=&#8221;{}&#8221;]<\/p>\n<p>La zona pranzo, progettata sia per pasti intimi che per grandi riunioni, ti permette di assaporare le delizie culinarie preparate nella cucina ben attrezzata. Con elettrodomestici come lavastoviglie, microonde, frigorifero e congelatore, ogni pasto diventa un&#8217;occasione speciale. <\/p>\n<p>Passando al piano superiore, troverai tre comode camere da letto, ognuna pensata per offrire un rifugio tranquillo per una notte di sonno riposante. L&#8217;ampio bagno con doccia completa questo spazio, offrendo comodit\u00e0 e comfort a tutto il tuo gruppo. Con la possibilit\u00e0 di ospitare fino a sei persone, Maso 1445 \u00e8 perfetta per chi cerca una casa lontano da casa. La combinazione di spazio e design funzionale fa s\u00ec che ogni ospite possa trovare il proprio angolo per rilassarsi e ricaricarsi.   <\/p>\n<p>Maso 1445 \u00e8 pi\u00f9 di un semplice chalet: \u00e8 una porta d&#8217;accesso a un mondo incantevole di natura ed esplorazione. Situata nel comune di Primiero San Martino di Castrozza a 1270 metri di altezza, la struttura offre un facile accesso ad alcuni dei parchi naturali pi\u00f9 belli d&#8217;Italia.   <\/p>\n<p>[\/et_pb_text][\/et_pb_column][\/et_pb_row][\/et_pb_section][et_pb_section fb_built=&#8221;1&#8243; _builder_version=&#8221;4.27.4&#8243; background_color=&#8221;#FFFFFF&#8221; custom_padding=&#8221;0|0px|0px|0px&#8221; global_colors_info=&#8221;{}&#8221;][et_pb_row column_structure=&#8221;1_2,1_2&#8243; use_custom_gutter=&#8221;on&#8221; gutter_width=&#8221;1&#8243; make_equal=&#8221;on&#8221; module_class=&#8221; et_pb_row_fullwidth&#8221; _builder_version=&#8221;4.16&#8243; width=&#8221;100%&#8221; width_tablet=&#8221;100%&#8221; width_phone=&#8221;&#8221; width_last_edited=&#8221;on|desktop&#8221; max_width=&#8221;100%&#8221; max_width_tablet=&#8221;100%&#8221; max_width_phone=&#8221;&#8221; max_width_last_edited=&#8221;on|desktop&#8221; custom_padding=&#8221;0|0px|0px|0px&#8221; make_fullwidth=&#8221;on&#8221; global_colors_info=&#8221;{}&#8221;][et_pb_column type=&#8221;1_2&#8243; _builder_version=&#8221;4.16&#8243; custom_padding=&#8221;|||&#8221; custom_css_main_element=&#8221;padding: 50px;&#8221; global_colors_info=&#8221;{}&#8221; custom_padding__hover=&#8221;|||&#8221;][et_pb_text _builder_version=&#8221;4.27.4&#8243; _module_preset=&#8221;default&#8221; text_text_color=&#8221;#000000&#8243; text_font_size=&#8221;14px&#8221; text_line_height=&#8221;1.6em&#8221; global_colors_info=&#8221;{}&#8221;]<\/p>\n<p>Con un breve tragitto in auto potrai raggiungere le famose piste di San Martino di Castrozza e Passo Rolle, dove gli appassionati di sport invernali potranno dedicarsi allo sci, allo snowboard e alle ciaspole. Durante i mesi pi\u00f9 caldi, il terreno si trasforma in un paradiso per i mountain biker, con sentieri che si snodano nel paesaggio lussureggiante e che invitano i ciclisti di ogni livello a scoprire la bellezza dei dintorni. <\/p>\n<p>Per chi preferisce un ritmo pi\u00f9 tranquillo, i sentieri vicini offrono percorsi pittoreschi che conducono agli incantevoli villaggi di Siror e S. Martino di Castrozza. A piedi o in bicicletta, questi sentieri panoramici offrono l&#8217;opportunit\u00e0 di entrare in contatto con la natura ammirando le viste mozzafiato delle Pale di San Martino e delle montagne circostanti. Non \u00e8 raro incontrare persone del posto lungo il percorso, desiderose di condividere storie e consigliarti gemme nascoste che arricchiranno la tua esperienza.  <\/p>\n<p>[\/et_pb_text][\/et_pb_column][et_pb_column type=&#8221;1_2&#8243; _builder_version=&#8221;4.16&#8243; custom_padding=&#8221;|||&#8221; global_colors_info=&#8221;{}&#8221; custom_padding__hover=&#8221;|||&#8221;][et_pb_image src=&#8221;https:\/\/maso1445.com\/wp-content\/uploads\/2025\/03\/30039f80.jpg&#8221; alt=&#8221;Maso 1445 &#8211; Affitto Chalet per le vacanze&#8221; title_text=&#8221;Maso 1445 &#8211; Affitto Chalet per le vacanze&#8221; align_tablet=&#8221;center&#8221; align_phone=&#8221;&#8221; align_last_edited=&#8221;on|desktop&#8221; admin_label=&#8221;Image&#8221; _builder_version=&#8221;4.27.4&#8243; global_colors_info=&#8221;{}&#8221;][\/et_pb_image][\/et_pb_column][\/et_pb_row][\/et_pb_section][et_pb_section fb_built=&#8221;1&#8243; _builder_version=&#8221;4.27.4&#8243; background_color=&#8221;#FFFFFF&#8221; custom_padding=&#8221;0|0px|0px|0px&#8221; locked=&#8221;off&#8221; global_colors_info=&#8221;{}&#8221;][et_pb_row column_structure=&#8221;1_2,1_2&#8243; use_custom_gutter=&#8221;on&#8221; gutter_width=&#8221;1&#8243; make_equal=&#8221;on&#8221; module_class=&#8221; et_pb_row_fullwidth&#8221; _builder_version=&#8221;4.16&#8243; width=&#8221;100%&#8221; width_tablet=&#8221;100%&#8221; width_phone=&#8221;&#8221; width_last_edited=&#8221;on|desktop&#8221; max_width=&#8221;100%&#8221; max_width_tablet=&#8221;100%&#8221; max_width_phone=&#8221;&#8221; max_width_last_edited=&#8221;on|desktop&#8221; custom_padding=&#8221;0|0px|0px|0px&#8221; make_fullwidth=&#8221;on&#8221; global_colors_info=&#8221;{}&#8221;][et_pb_column type=&#8221;1_2&#8243; _builder_version=&#8221;4.16&#8243; custom_padding=&#8221;|||&#8221; global_colors_info=&#8221;{}&#8221; custom_padding__hover=&#8221;|||&#8221;][et_pb_image src=&#8221;https:\/\/maso1445.com\/wp-content\/uploads\/2025\/03\/143cc67a.jpg&#8221; alt=&#8221;Maso 1445 &#8211; Affitto Chalet per le vacanze&#8221; title_text=&#8221;Maso 1445 &#8211; Affitto Chalet per le vacanze&#8221; align_tablet=&#8221;center&#8221; align_phone=&#8221;&#8221; align_last_edited=&#8221;on|desktop&#8221; admin_label=&#8221;Image&#8221; _builder_version=&#8221;4.27.4&#8243; global_colors_info=&#8221;{}&#8221;][\/et_pb_image][\/et_pb_column][et_pb_column type=&#8221;1_2&#8243; _builder_version=&#8221;4.16&#8243; custom_padding=&#8221;|||&#8221; custom_css_main_element=&#8221;padding: 50px;&#8221; global_colors_info=&#8221;{}&#8221; custom_padding__hover=&#8221;|||&#8221;][et_pb_text _builder_version=&#8221;4.27.4&#8243; _module_preset=&#8221;default&#8221; text_text_color=&#8221;#000000&#8243; text_font_size=&#8221;14px&#8221; text_line_height=&#8221;1.6em&#8221; global_colors_info=&#8221;{}&#8221;]<\/p>\n<p>Quando il sole tramonta, l&#8217;avventura culinaria continua con diversi ristoranti deliziosi a breve distanza in auto. L&#8217;Agriturismo Maso Tais, Petina, Piereni, il Ristorante Cant del Gal e il Bar Laghetto Welsperg offrono una variet\u00e0 di opzioni gastronomiche che celebrano i ricchi sapori della regione. Immagina di assaporare le prelibatezze regionali preparate con ingredienti di provenienza locale, ogni boccone \u00e8 un riflesso della cultura e della storia che pervade questa straordinaria zona.  <\/p>\n<p>Il fascino di Maso 1445 va oltre la sua estetica: \u00e8 un luogo in cui creare ricordi che durano tutta la vita. Lo chalet in affitto \u00e8 la base perfetta per una serie di attivit\u00e0, sia per chi cerca l&#8217;avventura sia per chi vuole rilassarsi. Dall&#8217;esaltante mountain bike all&#8217;arrampicata, dalle tranquille passeggiate alle escursioni in paesaggi pittoreschi, ce n&#8217;\u00e8 per tutti i gusti. Le famiglie scopriranno che la struttura \u00e8 particolarmente accogliente e che \u00e8 facile pianificare attivit\u00e0 adatte a tutte le et\u00e0.   <\/p>\n<p>[\/et_pb_text][\/et_pb_column][\/et_pb_row][\/et_pb_section][et_pb_section fb_built=&#8221;1&#8243; _builder_version=&#8221;4.27.4&#8243; background_color=&#8221;#FFFFFF&#8221; custom_padding=&#8221;0|0px|0px|0px&#8221; global_colors_info=&#8221;{}&#8221;][et_pb_row column_structure=&#8221;1_2,1_2&#8243; use_custom_gutter=&#8221;on&#8221; gutter_width=&#8221;1&#8243; make_equal=&#8221;on&#8221; module_class=&#8221; et_pb_row_fullwidth&#8221; _builder_version=&#8221;4.16&#8243; width=&#8221;100%&#8221; width_tablet=&#8221;100%&#8221; width_phone=&#8221;&#8221; width_last_edited=&#8221;on|desktop&#8221; max_width=&#8221;100%&#8221; max_width_tablet=&#8221;100%&#8221; max_width_phone=&#8221;&#8221; max_width_last_edited=&#8221;on|desktop&#8221; custom_padding=&#8221;0|0px|0px|0px&#8221; make_fullwidth=&#8221;on&#8221; global_colors_info=&#8221;{}&#8221;][et_pb_column type=&#8221;1_2&#8243; _builder_version=&#8221;4.16&#8243; custom_padding=&#8221;|||&#8221; custom_css_main_element=&#8221;padding: 50px;&#8221; global_colors_info=&#8221;{}&#8221; custom_padding__hover=&#8221;|||&#8221;][et_pb_text _builder_version=&#8221;4.27.4&#8243; _module_preset=&#8221;default&#8221; text_text_color=&#8221;#000000&#8243; text_font_size=&#8221;14px&#8221; text_line_height=&#8221;1.6em&#8221; global_colors_info=&#8221;{}&#8221;]<\/p>\n<p>La magia di Maso 1445 non risiede solo nelle sue caratteristiche fisiche, ma anche nell&#8217;esperienza che offre. Sia che tu stia ammirando il cielo stellato comodamente seduto sul tuo balcone o che tu stia intraprendendo una giornata di esplorazione, ogni momento trascorso qui diventa parte della tua storia personale. Immagina di svegliarti al suono della natura e di gustare un caff\u00e8 fresco sulla terrazza, di respirare l&#8217;aria frizzante di montagna e di pianificare la tua giornata di avventure.  <\/p>\n<p>Quando pensi alla tua prossima fuga, pensa a Maso 1445 come a una destinazione di relax e divertimento. Con la sua ricca storia, la sua splendida posizione e i suoi servizi impeccabili, \u00e8 pi\u00f9 di uno chalet in affitto per le vacanze: \u00e8 un santuario dove si creano ricordi preziosi. Esplora le foto e i servizi dettagliati disponibili sul nostro sito web, controlla la disponibilit\u00e0 e richiedi la tua prenotazione oggi stesso. La tua indimenticabile fuga in Italia ti aspetta al Maso 1445, dove ogni ospite viene accolto e ogni momento celebrato.   <\/p>\n<p>[\/et_pb_text][\/et_pb_column][et_pb_column type=&#8221;1_2&#8243; _builder_version=&#8221;4.16&#8243; custom_padding=&#8221;|||&#8221; global_colors_info=&#8221;{}&#8221; custom_padding__hover=&#8221;|||&#8221;][et_pb_image src=&#8221;https:\/\/maso1445.com\/wp-content\/uploads\/2025\/03\/90506a8c-1.jpg&#8221; alt=&#8221;Maso 1445 &#8211; Affitto Chalet per le vacanze&#8221; title_text=&#8221;Maso 1445 &#8211; Affitto Chalet per le vacanze&#8221; align_tablet=&#8221;center&#8221; align_phone=&#8221;&#8221; align_last_edited=&#8221;on|desktop&#8221; admin_label=&#8221;Image&#8221; _builder_version=&#8221;4.27.4&#8243; global_colors_info=&#8221;{}&#8221;][\/et_pb_image][\/et_pb_column][\/et_pb_row][\/et_pb_section][et_pb_section fb_built=&#8221;1&#8243; admin_label=&#8221;Gallery&#8221; _builder_version=&#8221;4.16&#8243; background_image=&#8221;http:\/\/houston-webs.com\/swarm\/wp-content\/uploads\/2020\/03\/green-energy-25.png&#8221; background_size=&#8221;initial&#8221; custom_padding=&#8221;54px||60px|||&#8221; background_last_edited=&#8221;on|desktop&#8221; background_position_tablet=&#8221;top_center&#8221; locked=&#8221;off&#8221; global_colors_info=&#8221;{}&#8221;][et_pb_row column_structure=&#8221;1_3,2_3&#8243; _builder_version=&#8221;4.16&#8243; custom_margin=&#8221;|||||&#8221; global_colors_info=&#8221;{}&#8221;][et_pb_column type=&#8221;1_3&#8243; _builder_version=&#8221;4.16&#8243; custom_padding=&#8221;|||&#8221; global_colors_info=&#8221;{}&#8221; custom_padding__hover=&#8221;|||&#8221;][\/et_pb_column][et_pb_column type=&#8221;2_3&#8243; _builder_version=&#8221;4.16&#8243; custom_padding=&#8221;|||&#8221; global_colors_info=&#8221;{}&#8221; custom_padding__hover=&#8221;|||&#8221;][et_pb_text _builder_version=&#8221;4.27.4&#8243; text_font=&#8221;Raleway||||||||&#8221; text_line_height=&#8221;1.8em&#8221; header_font=&#8221;||||||||&#8221; header_2_font=&#8221;||||||||&#8221; header_2_font_size=&#8221;36px&#8221; header_2_line_height=&#8221;1.2em&#8221; header_3_line_height=&#8221;1.4em&#8221; background_color=&#8221;#efefef&#8221; custom_margin=&#8221;||&#8221; custom_padding=&#8221;84px|40px|160px|191px|false|false&#8221; custom_padding_tablet=&#8221;40px|40px|40px|40px|true|true&#8221; custom_padding_phone=&#8221;&#8221; custom_padding_last_edited=&#8221;on|desktop&#8221; header_2_font_size_tablet=&#8221;30px&#8221; header_2_font_size_phone=&#8221;20px&#8221; header_2_font_size_last_edited=&#8221;on|phone&#8221; header_3_font_size_tablet=&#8221;20px&#8221; header_3_font_size_phone=&#8221;16px&#8221; header_3_font_size_last_edited=&#8221;on|phone&#8221; global_colors_info=&#8221;{}&#8221;]<\/p>\n<h2>Vista mozzafiato<\/h2>\n<h3>Primiero San Martino Castrozza<\/h3>\n<p>[\/et_pb_text][\/et_pb_column][\/et_pb_row][et_pb_row column_structure=&#8221;1_2,1_2&#8243; _builder_version=&#8221;4.16&#8243; custom_margin=&#8221;||&#8221; global_colors_info=&#8221;{}&#8221;][et_pb_column type=&#8221;1_2&#8243; _builder_version=&#8221;4.16&#8243; background_repeat=&#8221;repeat&#8221; custom_padding=&#8221;|||&#8221; custom_padding_tablet=&#8221;|0px||&#8221; custom_padding_phone=&#8221;&#8221; custom_padding_last_edited=&#8221;on|tablet&#8221; global_colors_info=&#8221;{}&#8221; custom_padding__hover=&#8221;|||&#8221;][et_pb_image src=&#8221;https:\/\/maso1445.com\/wp-content\/uploads\/2025\/03\/07348a23-1600&#215;1600-1.jpg&#8221; alt=&#8221;Maso 1445 &#8211; Affitto Chalet per le vacanze&#8221; title_text=&#8221;Maso 1445 &#8211; Affitto Chalet per le vacanze&#8221; show_in_lightbox=&#8221;on&#8221; align_last_edited=&#8221;off|tablet&#8221; _builder_version=&#8221;4.27.4&#8243; vertical_offset_tablet=&#8221;0&#8243; horizontal_offset_tablet=&#8221;0&#8243; max_width_tablet=&#8221;400px&#8221; max_width_phone=&#8221;&#8221; max_width_last_edited=&#8221;on|desktop&#8221; custom_margin=&#8221;-300px||&#8221; custom_margin_tablet=&#8221;-60px||&#8221; custom_margin_phone=&#8221;&#8221; custom_margin_last_edited=&#8221;on|desktop&#8221; animation_style=&#8221;zoom&#8221; animation_direction=&#8221;left&#8221; z_index_tablet=&#8221;0&#8243; box_shadow_style=&#8221;preset3&#8243; box_shadow_horizontal=&#8221;45px&#8221; box_shadow_vertical=&#8221;60px&#8221; box_shadow_blur=&#8221;80px&#8221; box_shadow_spread=&#8221;-15px&#8221; box_shadow_color=&#8221;rgba(0,0,0,0.74)&#8221; global_colors_info=&#8221;{}&#8221;][\/et_pb_image][\/et_pb_column][et_pb_column type=&#8221;1_2&#8243; _builder_version=&#8221;4.16&#8243; background_repeat=&#8221;repeat&#8221; custom_padding=&#8221;|||&#8221; custom_padding_tablet=&#8221;|0px||&#8221; custom_padding_phone=&#8221;&#8221; custom_padding_last_edited=&#8221;on|tablet&#8221; global_colors_info=&#8221;{}&#8221; custom_padding__hover=&#8221;|||&#8221;][et_pb_image src=&#8221;https:\/\/maso1445.com\/wp-content\/uploads\/2025\/03\/56bf048c-1600&#215;1600-1.jpg&#8221; alt=&#8221;Maso 1445 &#8211; Affitto Chalet per le vacanze&#8221; title_text=&#8221;Maso 1445 &#8211; Affitto Chalet per le vacanze&#8221; show_in_lightbox=&#8221;on&#8221; align_tablet=&#8221;center&#8221; align_last_edited=&#8221;off|desktop&#8221; _builder_version=&#8221;4.27.4&#8243; vertical_offset_tablet=&#8221;0&#8243; horizontal_offset_tablet=&#8221;0&#8243; max_width_tablet=&#8221;400px&#8221; max_width_phone=&#8221;&#8221; max_width_last_edited=&#8221;on|desktop&#8221; custom_margin=&#8221;-100px|-14px|-140px|-24px|false|false&#8221; custom_margin_tablet=&#8221;0px||0px&#8221; custom_margin_phone=&#8221;&#8221; custom_margin_last_edited=&#8221;on|desktop&#8221; animation_style=&#8221;zoom&#8221; animation_direction=&#8221;right&#8221; z_index_tablet=&#8221;0&#8243; box_shadow_horizontal_tablet=&#8221;0px&#8221; box_shadow_vertical_tablet=&#8221;0px&#8221; box_shadow_blur_tablet=&#8221;40px&#8221; box_shadow_spread_tablet=&#8221;0px&#8221; locked=&#8221;off&#8221; global_colors_info=&#8221;{}&#8221;][\/et_pb_image][\/et_pb_column][\/et_pb_row][et_pb_row column_structure=&#8221;1_3,1_3,1_3&#8243; _builder_version=&#8221;4.16&#8243; custom_padding=&#8221;||||false&#8221; global_colors_info=&#8221;{}&#8221;][et_pb_column type=&#8221;1_3&#8243; _builder_version=&#8221;4.16&#8243; custom_padding=&#8221;|||&#8221; global_colors_info=&#8221;{}&#8221; custom_padding__hover=&#8221;|||&#8221;][et_pb_text _builder_version=&#8221;4.27.4&#8243; text_text_color=&#8221;#000000&#8243; text_font_size=&#8221;16px&#8221; text_line_height=&#8221;1.6em&#8221; locked=&#8221;off&#8221; global_colors_info=&#8221;{}&#8221;]<\/p>\n<p>Il nostro Chalet risale al 1445. \u00c8 stato ristrutturato salvaguardando la struttura originale in pietra e stelline. \u00c8 composto da due piani, di circa 76 metri quadrati ciascuno.  <\/p>\n<p>Il piano terra \u00e8 composto da un ampio soggiorno, una sala da pranzo, una cucina ben attrezzata con lavastoviglie, microonde, frigorifero e freezer e un bagno con doccia. Il piano notte si trova al secondo piano, con tre camere da letto e un grande bagno con doccia. <\/p>\n<p>Possiamo ospitare fino a 6 persone. Lo Chalet in affitto si trova nel comune di Primiero San Martino di Castrozza a 1270 m sul livello del mare, alle pendici della Valle di Primiero, del Parco Naturale di Paneveggio e delle Pale di San Martino. Nelle vicinanze si trovano ristoranti come Agriturismo Maso Tais, Petina, Piereni, Ristorante Cant del Gal e Bar Laghetto Welsperg. <\/p>\n<p>[\/et_pb_text][\/et_pb_column][et_pb_column type=&#8221;1_3&#8243; _builder_version=&#8221;4.16&#8243; custom_padding=&#8221;|||&#8221; global_colors_info=&#8221;{}&#8221; custom_padding__hover=&#8221;|||&#8221;][et_pb_image src=&#8221;https:\/\/maso1445.com\/wp-content\/uploads\/2025\/03\/0ee68349-1600&#215;1600-2.jpg&#8221; alt=&#8221;Maso 1445 &#8211; Affitto Chalet per le vacanze&#8221; title_text=&#8221;Maso 1445 &#8211; Affitto Chalet per le vacanze&#8221; show_in_lightbox=&#8221;on&#8221; align_tablet=&#8221;center&#8221; align_last_edited=&#8221;off|desktop&#8221; disabled_on=&#8221;on|off|off&#8221; _builder_version=&#8221;4.27.4&#8243; vertical_offset_tablet=&#8221;0&#8243; horizontal_offset_tablet=&#8221;0&#8243; max_width_tablet=&#8221;400px&#8221; max_width_phone=&#8221;&#8221; max_width_last_edited=&#8221;on|desktop&#8221; custom_margin=&#8221;42px|-300px||-10px|false|false&#8221; custom_padding=&#8221;|0px|||false|false&#8221; animation_style=&#8221;zoom&#8221; animation_direction=&#8221;bottom&#8221; z_index_tablet=&#8221;0&#8243; box_shadow_style=&#8221;preset3&#8243; box_shadow_horizontal=&#8221;45px&#8221; box_shadow_vertical=&#8221;60px&#8221; box_shadow_blur=&#8221;80px&#8221; box_shadow_spread=&#8221;-15px&#8221; box_shadow_color=&#8221;rgba(0,0,0,0.74)&#8221; locked=&#8221;off&#8221; global_colors_info=&#8221;{}&#8221;][\/et_pb_image][\/et_pb_column][et_pb_column type=&#8221;1_3&#8243; _builder_version=&#8221;4.16&#8243; custom_padding=&#8221;|||&#8221; global_colors_info=&#8221;{}&#8221; custom_padding__hover=&#8221;|||&#8221;][\/et_pb_column][\/et_pb_row][\/et_pb_section][et_pb_section fb_built=&#8221;1&#8243; prev_background_color=&#8221;#ffffff&#8221; _builder_version=&#8221;4.27.4&#8243; _module_preset=&#8221;default&#8221; use_background_color_gradient=&#8221;on&#8221; background_color_gradient_stops=&#8221;#ffffff 5%|rgba(41,196,169,0) 27%&#8221; background_color_gradient_start=&#8221;#ffffff&#8221; background_color_gradient_start_position=&#8221;5%&#8221; background_color_gradient_end=&#8221;rgba(41,196,169,0)&#8221; background_color_gradient_end_position=&#8221;27%&#8221; background_image=&#8221;https:\/\/maso1445.com\/wp-content\/uploads\/2025\/03\/07348a23.jpg&#8221; parallax=&#8221;on&#8221; parallax_method=&#8221;off&#8221; custom_padding=&#8221;0px||213px||false|false&#8221; top_divider_style=&#8221;mountains2&#8243; bottom_divider_style=&#8221;mountains2&#8243; bottom_divider_color=&#8221;#FCECCA&#8221; bottom_divider_flip=&#8221;vertical&#8221; saved_tabs=&#8221;all&#8221; locked=&#8221;off&#8221; global_colors_info=&#8221;{}&#8221;][et_pb_row use_custom_gutter=&#8221;on&#8221; gutter_width=&#8221;1&#8243; _builder_version=&#8221;4.27.4&#8243; _module_preset=&#8221;default&#8221; width=&#8221;100%&#8221; max_width=&#8221;100%&#8221; custom_padding=&#8221;139px||77px|||&#8221; global_colors_info=&#8221;{}&#8221;][et_pb_column type=&#8221;4_4&#8243; _builder_version=&#8221;4.16&#8243; _module_preset=&#8221;default&#8221; global_colors_info=&#8221;{}&#8221;][et_pb_button button_url=&#8221;https:\/\/maso1445.com\/it\/contatto-maso-1445\/&#8221; button_text=&#8221;Contattaci&#8221; button_alignment=&#8221;center&#8221; _builder_version=&#8221;4.27.4&#8243; _module_preset=&#8221;default&#8221; custom_button=&#8221;on&#8221; button_text_color=&#8221;#FCECCA&#8221; button_bg_color=&#8221;#014038&#8243; button_border_color=&#8221;#FCECCA&#8221; button_border_radius=&#8221;15px&#8221; button_letter_spacing=&#8221;1px&#8221; button_font=&#8221;|600||on|||||&#8221; button_use_icon=&#8221;off&#8221; custom_margin=&#8221;175px||||false|false&#8221; button_text_size_tablet=&#8221;19px&#8221; button_text_size_phone=&#8221;17px&#8221; button_text_size_last_edited=&#8221;on|phone&#8221; global_colors_info=&#8221;{}&#8221; button_bg_color__hover_enabled=&#8221;on|hover&#8221; button_bg_color__hover=&#8221;#3C1E04&#8243; button_bg_enable_color__hover=&#8221;on&#8221; button_border_color__hover_enabled=&#8221;on|hover&#8221; button_border_color__hover=&#8221;#FCECCA&#8221; transform_styles__hover_enabled=&#8221;on|hover&#8221; transform_scale__hover_enabled=&#8221;on|hover&#8221; transform_translate__hover_enabled=&#8221;on|hover&#8221; transform_rotate__hover_enabled=&#8221;on|hover&#8221; transform_skew__hover_enabled=&#8221;on|hover&#8221; transform_origin__hover_enabled=&#8221;on|hover&#8221; transform_scale__hover=&#8221;104%|104%&#8221;][\/et_pb_button][\/et_pb_column][\/et_pb_row][\/et_pb_section][et_pb_section fb_built=&#8221;1&#8243; _builder_version=&#8221;4.27.4&#8243; _module_preset=&#8221;default&#8221; background_color=&#8221;#FCECCA&#8221; custom_padding=&#8221;8px||8px||true|false&#8221; saved_tabs=&#8221;all&#8221; global_colors_info=&#8221;{}&#8221;][et_pb_row column_structure=&#8221;1_2,1_4,1_4&#8243; use_custom_gutter=&#8221;on&#8221; gutter_width=&#8221;2&#8243; make_equal=&#8221;on&#8221; _builder_version=&#8221;4.27.4&#8243; _module_preset=&#8221;default&#8221; max_width=&#8221;1280px&#8221; global_colors_info=&#8221;{}&#8221;][et_pb_column type=&#8221;1_2&#8243; _builder_version=&#8221;4.16&#8243; _module_preset=&#8221;default&#8221; global_colors_info=&#8221;{}&#8221;][et_pb_image src=&#8221;https:\/\/maso1445.com\/wp-content\/uploads\/2025\/03\/maso1445-1360&#215;1152-1.png&#8221; alt=&#8221;Maso 1445 &#8211; Affitto Chalet per le vacanze&#8221; title_text=&#8221;Maso 1445 &#8211; Affitto Chalet per le vacanze&#8221; url=&#8221;https:\/\/maso1445.com\/it\/&#8221; _builder_version=&#8221;4.27.4&#8243; _module_preset=&#8221;default&#8221; global_colors_info=&#8221;{}&#8221;][\/et_pb_image][et_pb_text _builder_version=&#8221;4.27.4&#8243; _module_preset=&#8221;default&#8221; text_font=&#8221;||on||||||&#8221; text_font_size=&#8221;11px&#8221; link_font=&#8221;||on||||||&#8221; link_text_color=&#8221;#000000&#8243; link_font_size=&#8221;11px&#8221; text_orientation=&#8221;center&#8221; link_option_url=&#8221;https:\/\/wizardswebs.com\/&#8221; link_option_url_new_window=&#8221;on&#8221; global_colors_info=&#8221;{}&#8221;]<\/p>\n<p><a href=\"https:\/\/wizardswebs.com\/\" target=\"_blank\" rel=\"noopener\">Progettato e mantenuto da WizardsWebs Design<\/a><\/p>\n<p>[\/et_pb_text][\/et_pb_column][et_pb_column type=&#8221;1_4&#8243; _builder_version=&#8221;4.16&#8243; _module_preset=&#8221;default&#8221; global_colors_info=&#8221;{}&#8221;][et_pb_blurb title=&#8221;Chiamaci&#8221; use_icon=&#8221;on&#8221; font_icon=&#8221;&#xe090;||divi||400&#8243; icon_color=&#8221;#3C1E04&#8243; image_icon_background_color=&#8221;RGBA(255,255,255,0)&#8221; icon_placement=&#8221;left&#8221; _builder_version=&#8221;4.27.4&#8243; _module_preset=&#8221;default&#8221; header_text_color=&#8221;#014038&#8243; header_font_size=&#8221;24px&#8221; header_line_height=&#8221;1.4em&#8221; body_font=&#8221;|600|||||||&#8221; body_text_color=&#8221;#3C1E04&#8243; body_font_size=&#8221;18px&#8221; body_link_text_color=&#8221;#3C1E04&#8243; body_ul_text_color=&#8221;#3C1E04&#8243; body_ul_line_height=&#8221;2em&#8221; background_layout=&#8221;dark&#8221; custom_padding=&#8221;30px||||false|false&#8221; global_colors_info=&#8221;{}&#8221;]<\/p>\n<p>+1-713-409-3035<\/p>\n<p>[\/et_pb_blurb][et_pb_blurb title=&#8221;Inviaci un&#8217;email&#8221; use_icon=&#8221;on&#8221; font_icon=&#8221;&#xe010;||divi||400&#8243; icon_color=&#8221;#3C1E04&#8243; image_icon_background_color=&#8221;RGBA(255,255,255,0)&#8221; icon_placement=&#8221;left&#8221; _builder_version=&#8221;4.27.4&#8243; _module_preset=&#8221;default&#8221; header_text_color=&#8221;#014038&#8243; header_font_size=&#8221;24px&#8221; header_line_height=&#8221;1.4em&#8221; body_font=&#8221;|600|||||||&#8221; body_text_color=&#8221;#3C1E04&#8243; body_font_size=&#8221;18px&#8221; body_link_text_color=&#8221;#3C1E04&#8243; body_ul_text_color=&#8221;#3C1E04&#8243; body_ul_line_height=&#8221;2em&#8221; background_layout=&#8221;dark&#8221; custom_padding=&#8221;30px||||false|false&#8221; global_colors_info=&#8221;{}&#8221;]<\/p>\n<p><span style=\"color: #ffffff;\"><a href=\"mailto:info@maso1445.com\" style=\"color: #ffffff;\">info@maso1445.com<\/a><\/span><\/p>\n<p>[\/et_pb_blurb][et_pb_blurb title=&#8221;La nostra posizione&#8221; use_icon=&#8221;on&#8221; font_icon=&#8221;&#xe01d;||divi||400&#8243; icon_color=&#8221;#3C1E04&#8243; image_icon_background_color=&#8221;RGBA(255,255,255,0)&#8221; icon_placement=&#8221;left&#8221; _builder_version=&#8221;4.27.4&#8243; _module_preset=&#8221;default&#8221; header_text_color=&#8221;#014038&#8243; header_font_size=&#8221;24px&#8221; header_line_height=&#8221;1.4em&#8221; body_font=&#8221;|600|||||||&#8221; body_text_color=&#8221;#3C1E04&#8243; body_font_size=&#8221;18px&#8221; body_link_text_color=&#8221;#3C1E04&#8243; body_ul_text_color=&#8221;#3C1E04&#8243; body_ul_line_height=&#8221;2em&#8221; background_layout=&#8221;dark&#8221; custom_padding=&#8221;30px||||false|false&#8221; global_colors_info=&#8221;{}&#8221;]<strong>Primiero San Martino di Castrozza<br \/>\nTONADICO 38054 Locatilt\u00e0 Polina (Trento &#8211; Italia)<\/strong>[\/et_pb_blurb][\/et_pb_column][et_pb_column type=&#8221;1_4&#8243; _builder_version=&#8221;4.16&#8243; _module_preset=&#8221;default&#8221; global_colors_info=&#8221;{}&#8221;][et_pb_blurb title=&#8221;Collegamenti rapidi&#8221; use_icon=&#8221;on&#8221; font_icon=&#8221;&#xe08c;||divi||400&#8243; icon_color=&#8221;#3C1E04&#8243; image_icon_background_color=&#8221;RGBA(255,255,255,0)&#8221; icon_placement=&#8221;left&#8221; _builder_version=&#8221;4.27.5&#8243; _module_preset=&#8221;default&#8221; header_text_color=&#8221;#014038&#8243; header_font_size=&#8221;24px&#8221; header_line_height=&#8221;1.4em&#8221; body_font=&#8221;|600|||||||&#8221; body_text_color=&#8221;#3C1E04&#8243; body_font_size=&#8221;18px&#8221; body_link_text_color=&#8221;#3C1E04&#8243; body_ul_text_color=&#8221;#3C1E04&#8243; body_ul_line_height=&#8221;2em&#8221; background_layout=&#8221;dark&#8221; custom_padding=&#8221;30px||||false|false&#8221; locked=&#8221;off&#8221; global_colors_info=&#8221;{}&#8221;]<\/p>\n<ul>\n<li><span style=\"color: #ffffff;\"><a href=\"https:\/\/maso1445.com\/it\/\" style=\"color: #ffffff;\">Casa<\/a><\/span><\/li>\n<li><span style=\"color: #ffffff;\"><a href=\"https:\/\/maso1445.com\/vrbo-fiera-di-primiero-about-us\/\" style=\"color: #ffffff;\">Chi siamo<\/a><\/span><\/li>\n<li><span style=\"color: #ffffff;\"><a href=\"https:\/\/maso1445.com\/ski-chalet-rental-maso-1445\/\" style=\"color: #ffffff;\">Propriet\u00e0<\/a><\/span><\/li>\n<li><span style=\"color: #ffffff;\"><a href=\"https:\/\/maso1445.com\/it\/recensioni-maso-1445\/\" style=\"color: #ffffff;\">Recensioni<\/a><\/span><\/li>\n<li><span style=\"color: #ffffff;\"><a href=\"https:\/\/maso1445.com\/primiero-san-martino-castrozza-attractions\/\" style=\"color: #ffffff;\">Attrazioni<\/a><\/span><\/li>\n<li><span style=\"color: #ffffff;\"><a href=\"https:\/\/maso1445.com\/it\/contatto-maso-1445\/\" style=\"color: #ffffff;\">Contattaci<\/a><\/span><\/li>\n<li><span style=\"color: #ffffff;\"><a href=\"https:\/\/maso1445.com\/it\/informativa-sui-cookie\/\" style=\"color: #ffffff;\">Politica sui cookie<\/a><\/span><\/li>\n<li><span style=\"color: #ffffff;\"><a href=\"https:\/\/maso1445.com\/it\/informativa-sulla-privacy\/\" style=\"color: #ffffff;\">Informativa sulla privacy<\/a><\/span><\/li>\n<li><span style=\"color: #ffffff;\"><a href=\"https:\/\/maso1445.com\/wp-login.php\" style=\"color: #ffffff;\">Accesso del proprietario<\/a><\/span><\/li>\n<\/ul>\n<p>[\/et_pb_blurb][et_pb_code _builder_version=&#8221;4.27.4&#8243; _module_preset=&#8221;default&#8221; locked=&#8221;off&#8221; global_colors_info=&#8221;{}&#8221;]<div class=\"post-views content-post post-224272 entry-meta load-static\">\r\n\t\t\t\t<span class=\"post-views-icon dashicons dashicons-chart-bar\"><\/span> <span class=\"post-views-label\">Views:<\/span> <span class=\"post-views-count\">142<\/span>\r\n\t\t\t<\/div>[\/et_pb_code][\/et_pb_column][\/et_pb_row][\/et_pb_section]<\/p>\n","protected":false},"excerpt":{"rendered":"<p>Maso 1445<br \/>\nAffitto Chalet per Vacanze<br \/>\nPrimiero San Martino Castrozza, TN<br \/>\nImmerso nel paesaggio mozzafiato dell&#8217;Italia settentrionale, Maso 1445 \u00e8 una testimonianza di storia e di lusso, che offre un rifugio indimenticabile per chi \u00e8 alla ricerca del perfetto chalet per le vacanze. Con radici che risalgono al 1445, questo affascinante chalet in affitto fonde perfettamente il fascino del suo passato storico con i comfort moderni, rendendolo una fuga ideale per famiglie, coppie o avventurieri. <\/p>\n","protected":false},"author":7,"featured_media":224159,"parent":0,"menu_order":0,"comment_status":"closed","ping_status":"closed","template":"","meta":{"_et_pb_use_builder":"on","_et_pb_old_content":"","_et_gb_content_width":"","footnotes":""},"class_list":["post-224272","page","type-page","status-publish","has-post-thumbnail","hentry"],"_links":{"self":[{"href":"https:\/\/maso1445.com\/it\/wp-json\/wp\/v2\/pages\/224272","targetHints":{"allow":["GET"]}}],"collection":[{"href":"https:\/\/maso1445.com\/it\/wp-json\/wp\/v2\/pages"}],"about":[{"href":"https:\/\/maso1445.com\/it\/wp-json\/wp\/v2\/types\/page"}],"author":[{"embeddable":true,"href":"https:\/\/maso1445.com\/it\/wp-json\/wp\/v2\/users\/7"}],"replies":[{"embeddable":true,"href":"https:\/\/maso1445.com\/it\/wp-json\/wp\/v2\/comments?post=224272"}],"version-history":[{"count":0,"href":"https:\/\/maso1445.com\/it\/wp-json\/wp\/v2\/pages\/224272\/revisions"}],"wp:featuredmedia":[{"embeddable":true,"href":"https:\/\/maso1445.com\/it\/wp-json\/wp\/v2\/media\/224159"}],"wp:attachment":[{"href":"https:\/\/maso1445.com\/it\/wp-json\/wp\/v2\/media?parent=224272"}],"curies":[{"name":"wp","href":"https:\/\/api.w.org\/{rel}","templated":true}]}}